{"id":8423,"date":"2015-03-20T11:42:39","date_gmt":"2015-03-20T10:42:39","guid":{"rendered":"https:\/\/alcarrerviladecans.com\/?page_id=8423"},"modified":"2025-07-06T00:03:32","modified_gmt":"2025-07-05T22:03:32","slug":"","status":"publish","type":"page","link":"https:\/\/alcarrerviladecans.com\/es\/","title":{"rendered":"Home"},"content":{"rendered":"<div class=\"wpb-content-wrapper\"><p>[vc_row full_width=\u00bbstretch_row_content_no_spaces\u00bb equal_height=\u00bbyes\u00bb content_placement=\u00bbmiddle\u00bb css=\u00bb.vc_custom_1718100038367{margin-top: 0px !important;margin-bottom: 4em !important;}\u00bb][vc_column]\n\t\t\t\t<p class=\"rs-p-wp-fix\"><\/p>\n\t\t\t\t<sr7-module data-alias=\"home-slider\" data-id=\"1\" id=\"SR7_1_1\" class=\"rs-ov-hidden\" data-version=\"6.7.52\">\n\t\t\t\t\t<sr7-adjuster><\/sr7-adjuster>\n\t\t\t\t\t<sr7-content>\n\t\t\t\t\t\t<sr7-slide id=\"SR7_1_1-6\" data-key=\"6\">\n\t\t\t\t\t\t\t<sr7-bg id=\"SR7_1_1-6-1\" class=\"sr7-layer\"><noscript><img decoding=\"async\" src=\"https:\/\/alcarrerviladecans.com\/wp-content\/uploads\/2026\/04\/home-1-scaled.jpg\" alt=\"\" title=\"home\"><\/noscript><\/sr7-bg>\n\t\t\t\t\t\t<\/sr7-slide>\n\t\t\t\t\t\t<sr7-slide id=\"SR7_1_1-2\" data-key=\"2\">\n\t\t\t\t\t\t<\/sr7-slide>\n\t\t\t\t\t<\/sr7-content>\n\t\t\t\t\t<image_lists style=\"display:none\">\n\t\t\t\t\t\t<img data-src=\"\/\/alcarrerviladecans.com\/wp-content\/uploads\/2024\/05\/soon-circus-company.jpg\" data-libid=\"7633\" data-lib=\"medialibrary\" title=\"soon-circus-company\" width=\"0\" height=\"0\" data-dbsrc=\"Ly9hbGNhcnJlcnZpbGFkZWNhbnMuY29tL3dwLWNvbnRlbnQvdXBsb2Fkcy8yMDI0LzA1L3Nvb24tY2lyY3VzLWNvbXBhbnkuanBn\"\/>\n\t\t\t\t\t\t<img data-src=\"\/\/alcarrerviladecans.com\/wp-content\/uploads\/2024\/06\/CiaDukto-scaled.jpg\" data-libid=\"7578\" data-lib=\"medialibrary\" title=\"CiaDukto\" width=\"0\" height=\"0\" data-dbsrc=\"Ly9hbGNhcnJlcnZpbGFkZWNhbnMuY29tL3dwLWNvbnRlbnQvdXBsb2Fkcy8yMDI0LzA2L0NpYUR1a3RvLXNjYWxlZC5qcGc=\"\/>\n\t\t\t\t\t\t<img data-src=\"\/\/alcarrerviladecans.com\/wp-content\/uploads\/2024\/06\/Strambotic-scaled.jpg\" data-libid=\"7567\" data-lib=\"medialibrary\" title=\"Strambotic\" width=\"0\" height=\"0\" data-dbsrc=\"Ly9hbGNhcnJlcnZpbGFkZWNhbnMuY29tL3dwLWNvbnRlbnQvdXBsb2Fkcy8yMDI0LzA2L1N0cmFtYm90aWMtc2NhbGVkLmpwZw==\"\/>\n\t\t\t\t\t\t<img data-src=\"\/\/alcarrerviladecans.com\/wp-content\/uploads\/2024\/06\/sandal-1-scaled.jpg\" data-libid=\"7648\" data-lib=\"medialibrary\" title=\"sandal 1\" width=\"0\" height=\"0\" data-dbsrc=\"Ly9hbGNhcnJlcnZpbGFkZWNhbnMuY29tL3dwLWNvbnRlbnQvdXBsb2Fkcy8yMDI0LzA2L3NhbmRhbC0xLXNjYWxlZC5qcGc=\"\/>\n\t\t\t\t\t\t<img data-src=\"\/\/alcarrerviladecans.com\/wp-content\/uploads\/2026\/04\/home-1-scaled.jpg\" data-libid=\"9488\" data-lib=\"medialibrary\" title=\"home\" width=\"0\" height=\"0\" data-dbsrc=\"Ly9hbGNhcnJlcnZpbGFkZWNhbnMuY29tL3dwLWNvbnRlbnQvdXBsb2Fkcy8yMDI2LzA0L2hvbWUtMS1zY2FsZWQuanBn\"\/>\n\t\t\t\t\t<\/image_lists>\n\t\t\t\t<\/sr7-module>\n\t\t\t\t<script>\n\t\t\t\t\twindow.SR7 ??={};SR7.PMH ??={}; SR7.PMH[\"SR7_1_1\"] = {cn:100,state:false,fn: function() { if (window._tpt!==undefined && window._tpt.prepareModuleHeight !== undefined) {  _tpt.prepareModuleHeight({id:\"SR7_1_1\",el:[800,800,768,960,720],type:'standard',shdw:'0',gh:[800,800,661,502,310],gw:[1240,1240,1024,778,480],vpt:['-100px'],size:{fullWidth:true, fullHeight:false},mh:'0',onh:0,onw:0,bg:{color:'{\"type\":\"solid\",\"orig\":\"#fbea5c\",\"string\":\"rgba(251, 234, 92, 1)\"}'},plType:'2',plColor:'#FFFFFF'});   SR7.PMH[\"SR7_1_1\"].state=true;} else if(SR7.PMH[\"SR7_1_1\"].cn-->0)\tsetTimeout( SR7.PMH[\"SR7_1_1\"].fn,19);}};SR7.PMH[\"SR7_1_1\" ].fn();\n\t\t\t\t<\/script>\n[\/vc_column][\/vc_row][vc_row equal_height=\u00bbyes\u00bb content_placement=\u00bbmiddle\u00bb css=\u00bb.vc_custom_1718118481540{margin-top: 5em !important;}\u00bb][vc_column width=\u00bb1\/2&#8243;][vc_custom_heading text=\u00bb\u00a1Bienvenidas y bienvenidos a la 36\u00aa edici\u00f3n del Festival Internacional de Teatro y Animaci\u00f3n Al Calle de Viladecans!\u00bb use_theme_fonts=\u00bbyes\u00bb css=\u00bb.vc_custom_1751264553293{margin-bottom: 1em !important;}\u00bb][vc_column_text css=\u00bb\u00bb]Del 4 al 6 de julio, Viladecans se convierte en el coraz\u00f3n de las artes callejeras, con 12 escenarios repartidos por sus calles y plazas. Este festival es uno de los m\u00e1s importantes de Espa\u00f1a y del sur de Europa, y a\u00f1o tras a\u00f1o re\u00fane a miles de personas para disfrutar del arte en la calle.[\/vc_column_text][vc_column_text css=\u00bb\u00bb]Durante tres d\u00edas, la ciudad acoge a 35 compa\u00f1\u00edas locales, nacionales e internacionales, con un destacado protagonismo de las creaciones femeninas y un fuerte compromiso con la sostenibilidad.[\/vc_column_text][vc_column_text css=\u00bb\u00bb]Vine a vivir una experiencia \u00fanica con los mejores espect\u00e1culos de teatro, danza, circo y m\u00fasica![\/vc_column_text][\/vc_column][vc_column width=\u00bb1\/2&#8243;][vc_single_image image=\u00bb7702&#8243; img_size=\u00bb500&#215;333&#8243; alignment=\u00bbcenter\u00bb css=\u00bb\u00bb][\/vc_column][\/vc_row][vc_row css=\u00bb.vc_custom_1718109104883{margin-top: 5em !important;margin-bottom: 5em !important;}\u00bb el_id=\u00bbagenda-desktop\u00bb][vc_column][vc_custom_heading text=\u00bbPR\u00d3XIMOS ESPECT\u00c1CULOS\u00bb font_container=\u00bbtag:h2|text_align:center\u00bb use_theme_fonts=\u00bbyes\u00bb css=\u00bb.vc_custom_1718108202795{margin-bottom: 2em !important;}\u00bb][vc_basic_grid post_type=\u00bbcustom\u00bb item=\u00bb7639&#8243; css=\u00bb\u00bb grid_id=\u00bbvc_gid:1751752888698-24069837-f5ce-5&#8243; custom_query=\u00bbpost_type=event&amp;posts_per_page=6&amp;tax_query%5B0%5D%5Btaxonomy%5D=event-tags&amp;tax_query%5B0%5D%5Bfield%5D=slug&amp;tax_query%5B0%5D%5Bterms%5D=iniciat-es&amp;tax_query%5B0%5D%5Boperator%5D=NOT+IN&amp;meta_query%5Brelation%5D=AND&amp;meta_query%5Bdia_inici%5D%5Bkey%5D=_event_start_date&amp;meta_query%5Bdia_inici%5D%5Bcompare%5D=%3E%3D&amp;meta_query%5Bdia_inici%5D%5Bvalue%5D=2025-07-06&amp;meta_query%5Bhora_inici%5D%5Bkey%5D=_event_start_time&amp;meta_query%5Bhora_inici%5D%5Bcompare%5D=EXISTS&amp;orderby%5Bdia_inici%5D=ASC&amp;orderby%5Bhora_inici%5D=ASC\u00bb][\/vc_column][\/vc_row]<\/p>\n<\/div>","protected":false},"excerpt":{"rendered":"<p>[vc_row full_width=\u00bbstretch_row_content_no_spaces\u00bb equal_height=\u00bbyes\u00bb content_placement=\u00bbmiddle\u00bb css=\u00bb.vc_custom_1718100038367{margin-top: 0px !important;margin-bottom: 4em !important;}\u00bb][vc_column][\/vc_column][\/vc_row][vc_row equal_height=\u00bbyes\u00bb content_placement=\u00bbmiddle\u00bb css=\u00bb.vc_custom_1718118481540{margin-top: 5em !important;}\u00bb][vc_column width=\u00bb1\/2&#8243;][vc_custom_heading text=\u00bb\u00a1Bienvenidas y bienvenidos a la 36\u00aa edici\u00f3n del Festival Internacional de Teatro y Animaci\u00f3n Al Calle de Viladecans!\u00bb use_theme_fonts=\u00bbyes\u00bb css=\u00bb.vc_custom_1751264553293{margin-bottom: 1em !important;}\u00bb][vc_column_text css=\u00bb\u00bb]Del 4 al 6 de julio, Viladecans se convierte en el coraz\u00f3n de las artes callejeras, con 12&hellip;<\/p>\n","protected":false},"author":3,"featured_media":0,"parent":0,"menu_order":0,"comment_status":"closed","ping_status":"closed","template":"","meta":{"_acf_changed":false,"footnotes":""},"class_list":["post-8423","page","type-page","status-publish","hentry"],"acf":[],"publishpress_future_workflow_manual_trigger":{"enabledWorkflows":[]},"_links":{"self":[{"href":"https:\/\/alcarrerviladecans.com\/es\/wp-json\/wp\/v2\/pages\/8423","targetHints":{"allow":["GET"]}}],"collection":[{"href":"https:\/\/alcarrerviladecans.com\/es\/wp-json\/wp\/v2\/pages"}],"about":[{"href":"https:\/\/alcarrerviladecans.com\/es\/wp-json\/wp\/v2\/types\/page"}],"author":[{"embeddable":true,"href":"https:\/\/alcarrerviladecans.com\/es\/wp-json\/wp\/v2\/users\/3"}],"replies":[{"embeddable":true,"href":"https:\/\/alcarrerviladecans.com\/es\/wp-json\/wp\/v2\/comments?post=8423"}],"version-history":[{"count":20,"href":"https:\/\/alcarrerviladecans.com\/es\/wp-json\/wp\/v2\/pages\/8423\/revisions"}],"predecessor-version":[{"id":9270,"href":"https:\/\/alcarrerviladecans.com\/es\/wp-json\/wp\/v2\/pages\/8423\/revisions\/9270"}],"wp:attachment":[{"href":"https:\/\/alcarrerviladecans.com\/es\/wp-json\/wp\/v2\/media?parent=8423"}],"curies":[{"name":"wp","href":"https:\/\/api.w.org\/{rel}","templated":true}]}}